{"id":627,"date":"2011-11-14T15:47:50","date_gmt":"2011-11-14T15:47:50","guid":{"rendered":"http:\/\/www.mariaorfanoudaki.gr\/new\/?page_id=627"},"modified":"2014-08-13T18:32:55","modified_gmt":"2014-08-13T18:32:55","slug":"curriculum-vitae","status":"publish","type":"page","link":"https:\/\/www.mariaorfanoudaki.gr\/new\/?page_id=627","title":{"rendered":"French Curriculum Vitae"},"content":{"rendered":"<table width=\"100%\" cellspacing=\"0\" cellpadding=\"0\">\n<tbody>\n<tr>\n<td>\n<div>\n<div id=\"gt-res-content\" class=\"almost_half_cell\">\n<div dir=\"ltr\" style=\"zoom: 1;\">\n<p align=\"center\"><strong>\u00a0MARIA ORFANOUDAKI &#8211; <span style=\"color: #ff0000;\">M.O<\/span>&#8211;<br \/>\n<\/strong><\/p>\n<\/div>\n<div dir=\"ltr\" style=\"zoom: 1;\"><span lang=\"fr\"><span lang=\"fr\"><span class=\"hps\">N\u00e9 en<\/span> <span class=\"hps\">Gavaloxori<\/span> <span class=\"hps\">\u00e0 Chania<\/span>, <span class=\"hps\">Cr\u00e8te<\/span>, <span class=\"hps\">la fille de<\/span> <span class=\"hps\">P\u00e9n\u00e9lope et<\/span> <span class=\"hps\">George<\/span> <span class=\"hps\">Orfanoudaki<\/span> <span class=\"hps\">&#8211; Enseignant<\/span> <span class=\"hps\">l&#8217;\u00e9cole primaire<\/span>.<\/span><\/span><span class=\"hps\">Et<\/span> <span class=\"hps\">petit-fils<\/span> <span class=\"hps\">de<\/span> <span class=\"hps\">Efstathiou<\/span> <span class=\"hps\">Peroulia<\/span> <span class=\"hps\">membres de<\/span> <span class=\"hps\">Eleftherios Venizelos<\/span><\/div>\n<\/div>\n<\/div>\n<\/td>\n<\/tr>\n<\/tbody>\n<\/table>\n<ul>\n<li>\n<ul>\n<li>Elle fait ses \u00e9tudes a l\u2019 Ecole des Beaux Arts d\u2019 Ath\u00e8nes<\/li>\n<\/ul>\n<\/li>\n<\/ul>\n<p><strong>(E.S.K.T)<\/strong> ainsi qu\u2019 a l\u2019 Acad\u00e9mie de la <strong>Grande Chaumi\u00e8re de Paris<\/strong>.<\/p>\n<ul>\n<li>En 1969, elle obtint de Dipl\u00f4me et la M\u00e9daille de Peinture qui lui<\/li>\n<\/ul>\n<p>accorda la Haute Acad\u00e9mie Internationale de LUTECE de Paris.<\/p>\n<ul>\n<li>Investie parailelement dans la po\u00e9sie, elle verra traduits ses po\u00e8mes en<\/li>\n<\/ul>\n<p>lanque francaise <span style=\"color: #ff0000;\"><strong>par Christine Noton<\/strong>.<\/span><\/p>\n<p>Ce qui lui d\u00e9cernera, par la m\u00eame organisation de LUTECE, en 1969,<\/p>\n<p>le Prix Officiel de la Po\u00e9sie en reconnaissance de la qualit\u00e9 de sa<\/p>\n<p>production po\u00e9tique.<\/p>\n<ul>\n<li>En 1979, elle se fait attribuer la M\u00e9daille d\u2019 Or ainsi que le Prix tant de<\/li>\n<\/ul>\n<p>Accademia Italia que <strong>de Accademia d\u2019 Europa<\/strong> en 1983.<\/p>\n<ul>\n<li>F\u00e9licit\u00e9e par le Club Rotarien International, elle se fait d\u00e9livrer le<\/li>\n<\/ul>\n<p>Dipl\u00f4ma, D\u2019 Honneur pour le succ\u00e8s de ses efforts et sa lutte ardente en<\/p>\n<p>faveur de la paix, la justice dans le monde, l\u2019 humanisme et l\u2019amour.<\/p>\n<ul>\n<li>Anim\u00e9e par sa vitalit\u00e9 et \u00e9loquence,elle tena \u00e9galement trois<\/li>\n<\/ul>\n<p>importantes conf\u00e9rences sous le titre: \u201cHommes et Femmes sans<\/p>\n<p>Uniformes Militaires\u201d, dans les municipalit\u00e9s reprectives d\u2019 Ath\u00e8nes,<\/p>\n<p>de la Can\u00e9e, ainsi que de Thessaloniki dans la saille des conf\u00e9rences de<\/p>\n<p>la <strong>Chambre de Commerce<\/strong> et de l\u2019Industrie.Les Ateliers de la \u201c<strong><span style=\"color: #ff0000;\">PAIX<\/span>\u201d <\/strong>Maria Orfanoudaki<\/p>\n<p>Maria Orfanoudaki este aussi membre actif au sein de plusieurs organisations telles que:<\/p>\n<p>1. La Federation Culturelle et Internationale de la Femme.<\/p>\n<p>2. La Haute Academie Internationale LUTECE de Paris, comme membre d\u2019<\/p>\n<p>honneur.<\/p>\n<p>3. L\u2019 association Nationale Panhellenique de la Civilisation, des Letres et des<\/p>\n<p>Arts, comme membre fondateur.<\/p>\n<p>4. L\u2019 Association des Hommes de Lettres Grees.<\/p>\n<p>5. L\u2019 Association de l\u2019 Amitie Heo &#8211; Roumaine.<\/p>\n<p>6. L\u2019 Academie d\u2019 Italie (Accademica Italia) avec une medaille d\u2019 or a son actif.<\/p>\n<p>7. L\u2019 Academie d\u2019 Europe (Accademica Europa)<\/p>\n<p>8. Amnesty International.<\/p>\n<p>Ses \u0153uvres de peinture continuent a \u00eatre oncore expos\u00e9es dans de nombreuses<\/p>\n<p>Galeries d\u2019 Arts, a cote de chefs d\u2019 \u0153uvres de c\u00e9l\u00e8bres artistes tels que:<\/p>\n<p><strong>Renoir, Matisse, Picasso, Caugen et bien d\u2019 autres<\/strong>.<\/p>\n<p>La qualite artistique de ces \u0153uvres a \u00e9t\u00e9 confirm\u00e9e a mantes reprices, par la<\/p>\n<p>Grand Maitre des galeries et Estimateur International d\u2019 \u0153uvres d\u2019 arts<strong>: Paul<\/strong><\/p>\n<p><strong>Petridi,<\/strong> a Paris lorsqu\u2019il la consid\u00e8re comme Peintre d\u2019 Avenir !<\/p>\n<p>Elle a r\u00e9alise jusqu\u2019 a pr\u00e9sent 24 exposition individuelles et participe dans de<\/p>\n<p>nombreuses autres expositions collectives aussi bien en Grece qu\u2019 a l\u2019 \u00e9tranger.<\/p>\n<p>En<strong><span style=\"color: #ff0000;\"> 1981, elle cr\u00e9a la fameux Atteler de la PAIX, <\/span><\/strong>et constituant le couronnement de ses effort d\u00e9ploy\u00e9s jusqu a nos<\/p>\n<p>jous a la Can\u00e9e<\/p>\n<p>Des 1989, son d\u00e9sespoir mele a un d\u00e9sir intense de voir un monde pacifique<\/p>\n<p>l\u2019 ont conduite a cr\u00e9er un nouveau mode d\u2019 expression.<span style=\"color: #ff0000;\"><strong> Elle r\u00e9alisa des films<\/strong> <\/span>&#8211;<\/p>\n<p>vid\u00e9o a caract\u00e8re strictement anti &#8211; belliqueux,dont elleprena personnellement<\/p>\n<p>en charge la mise en sc\u00e8ne, le monge, a price de photos etc&#8230;<\/p>\n<p>A partir de 1997, elle composa des productions<span style=\"color: #ff0000;\"><strong> musicales<\/strong><\/span> don&#8217;t la finalit\u00e9 est d\u2019<\/p>\n<p>inviter a une r\u00e9flexion syst\u00e9matique sur les valeurs tant Humaines que<\/p>\n<p><span style=\"color: #ff0000;\"><strong>Divines dans un monde qui semble en \u00eatre demuni.<\/strong><\/span><\/p>\n<p><script>\/\/ <![CDATA[\n\n\n  var _gaq = _gaq || [];\n  _gaq.push(['_setAccount', 'UA-29414423-1']);\n  _gaq.push(['_trackPageview']);\n\n  (function() {\n    var ga = document.createElement('script'); ga.type = 'text\/javascript'; ga.async = true;\n    ga.src = ('https:' == document.location.protocol ? 'https:\/\/ssl' : 'http:\/\/www') + '.google-analytics.com\/ga.js';\n    var s = document.getElementsByTagName('script')[0]; s.parentNode.insertBefore(ga, s);\n  })();\n\n\/\/ ]]><\/script><\/p>\n","protected":false},"excerpt":{"rendered":"<p>\u00a0MARIA ORFANOUDAKI &#8211; M.O&#8211;<\/p>\n<p>N\u00e9 en Gavaloxori \u00e0 Chania, Cr\u00e8te, la fille de P\u00e9n\u00e9lope et George Orfanoudaki &#8211; Enseignant l&#8217;\u00e9cole primaire.Et petit-fils de Efstathiou Peroulia membres de Eleftherios Venizelos<\/p>\n<p>Elle fait ses \u00e9tudes a l\u2019 Ecole des Beaux Arts d\u2019 Ath\u00e8nes<\/p>\n<p>(E.S.K.T) ainsi  &hellip; <a href=\"https:\/\/www.mariaorfanoudaki.gr\/new\/?page_id=627\">\u03a3\u03c5\u03bd\u03ad\u03c7\u03b5\u03b9\u03b1 <span class=\"meta-nav\">&rarr;<\/span><\/a><\/p>\n","protected":false},"author":2,"featured_media":0,"parent":0,"menu_order":0,"comment_status":"closed","ping_status":"open","template":"","meta":[],"_links":{"self":[{"href":"https:\/\/www.mariaorfanoudaki.gr\/new\/index.php?rest_route=\/wp\/v2\/pages\/627"}],"collection":[{"href":"https:\/\/www.mariaorfanoudaki.gr\/new\/index.php?rest_route=\/wp\/v2\/pages"}],"about":[{"href":"https:\/\/www.mariaorfanoudaki.gr\/new\/index.php?rest_route=\/wp\/v2\/types\/page"}],"author":[{"embeddable":true,"href":"https:\/\/www.mariaorfanoudaki.gr\/new\/index.php?rest_route=\/wp\/v2\/users\/2"}],"replies":[{"embeddable":true,"href":"https:\/\/www.mariaorfanoudaki.gr\/new\/index.php?rest_route=%2Fwp%2Fv2%2Fcomments&post=627"}],"version-history":[{"count":0,"href":"https:\/\/www.mariaorfanoudaki.gr\/new\/index.php?rest_route=\/wp\/v2\/pages\/627\/revisions"}],"wp:attachment":[{"href":"https:\/\/www.mariaorfanoudaki.gr\/new\/index.php?rest_route=%2Fwp%2Fv2%2Fmedia&parent=627"}],"curies":[{"name":"wp","href":"https:\/\/api.w.org\/{rel}","templated":true}]}}